{"id":1200,"date":"2025-01-09T08:13:11","date_gmt":"2025-01-09T08:13:11","guid":{"rendered":"https:\/\/santa-gema.somospecesvoladores.com\/?page_id=1200"},"modified":"2025-10-15T14:46:59","modified_gmt":"2025-10-15T14:46:59","slug":"internacionalizacion","status":"publish","type":"page","link":"https:\/\/colegio-santagema.es\/en\/internacionalizacion\/","title":{"rendered":"Internationalisation"},"content":{"rendered":"\t\t<div data-elementor-type=\"wp-page\" data-elementor-id=\"1200\" class=\"elementor elementor-1200\" data-elementor-settings=\"{&quot;ha_cmc_init_switcher&quot;:&quot;no&quot;}\" data-elementor-post-type=\"page\">\n\t\t\t\t<div class=\"elementor-element elementor-element-561e5df e-flex e-con-boxed e-con e-parent\" data-id=\"561e5df\" data-element_type=\"container\" data-e-type=\"container\" data-settings=\"{&quot;background_background&quot;:&quot;classic&quot;,&quot;shape_divider_bottom&quot;:&quot;waves&quot;,&quot;shape_divider_bottom_negative&quot;:&quot;yes&quot;,&quot;_ha_eqh_enable&quot;:false}\">\n\t\t\t\t\t<div class=\"e-con-inner\">\n\t\t\t\t<div class=\"elementor-shape elementor-shape-bottom\" aria-hidden=\"true\" data-negative=\"true\">\n\t\t\t<svg xmlns=\"http:\/\/www.w3.org\/2000\/svg\" viewBox=\"0 0 1000 100\" preserveAspectRatio=\"none\">\n\t<path class=\"elementor-shape-fill\" d=\"M790.5,93.1c-59.3-5.3-116.8-18-192.6-50c-29.6-12.7-76.9-31-100.5-35.9c-23.6-4.9-52.6-7.8-75.5-5.3\n\tc-10.2,1.1-22.6,1.4-50.1,7.4c-27.2,6.3-58.2,16.6-79.4,24.7c-41.3,15.9-94.9,21.9-134,22.6C72,58.2,0,25.8,0,25.8V100h1000V65.3\n\tc0,0-51.5,19.4-106.2,25.7C839.5,97,814.1,95.2,790.5,93.1z\"\/>\n<\/svg>\t\t<\/div>\n\t\t<div class=\"elementor-element elementor-element-0fd6262 e-con-full animated-slow e-flex elementor-invisible e-con e-child\" data-id=\"0fd6262\" data-element_type=\"container\" data-e-type=\"container\" data-settings=\"{&quot;animation&quot;:&quot;fadeInUp&quot;,&quot;_ha_eqh_enable&quot;:false}\">\n\t\t\t\t<div class=\"elementor-element elementor-element-599bd80 elementor-widget elementor-widget-heading\" data-id=\"599bd80\" data-element_type=\"widget\" data-e-type=\"widget\" data-widget_type=\"heading.default\">\n\t\t\t\t<div class=\"elementor-widget-container\">\n\t\t\t\t\t<h1 class=\"elementor-heading-title elementor-size-default\">INTERNACIONALIZACI\u00d3N<\/h1>\t\t\t\t<\/div>\n\t\t\t\t<\/div>\n\t\t\t\t<div class=\"elementor-element elementor-element-6366a16d elementor-widget elementor-widget-heading\" data-id=\"6366a16d\" data-element_type=\"widget\" data-e-type=\"widget\" data-widget_type=\"heading.default\">\n\t\t\t\t<div class=\"elementor-widget-container\">\n\t\t\t\t\t<h2 class=\"elementor-heading-title elementor-size-default\">La internacionalizaci\u00f3n es crucial porque prepara a los estudiantes para un mundo globalizado, fomenta la diversidad cultural, promueve la comprensi\u00f3n intercultural y desarrolla habilidades necesarias para enfrentar desaf\u00edos internacionales, contribuyendo as\u00ed a la formaci\u00f3n integral de los estudiantes en un entorno cada vez m\u00e1s interconectado.<\/h2>\t\t\t\t<\/div>\n\t\t\t\t<\/div>\n\t\t\t\t<\/div>\n\t\t\t\t\t<\/div>\n\t\t\t\t<\/div>\n\t\t<div class=\"elementor-element elementor-element-5448ef4 e-flex e-con-boxed e-con e-parent\" data-id=\"5448ef4\" data-element_type=\"container\" data-e-type=\"container\" data-settings=\"{&quot;_ha_eqh_enable&quot;:false}\">\n\t\t\t\t\t<div class=\"e-con-inner\">\n\t\t\t\t<div class=\"elementor-element elementor-element-1a12787 elementor-widget elementor-widget-image\" data-id=\"1a12787\" data-element_type=\"widget\" data-e-type=\"widget\" data-widget_type=\"image.default\">\n\t\t\t\t<div class=\"elementor-widget-container\">\n\t\t\t\t\t\t\t\t\t\t\t\t\t\t\t<img decoding=\"async\" data-src=\"https:\/\/colegio-santagema.es\/wp-content\/uploads\/elementor\/thumbs\/IMG_6449-scaled-r7hldoein4ddmgid5a1ynnohl0e0fm9zbgx3ir55s8.jpg\" title=\"IMG_6449\" alt=\"IMG_6449\" src=\"data:image\/svg+xml;base64,PHN2ZyB3aWR0aD0iMSIgaGVpZ2h0PSIxIiB4bWxucz0iaHR0cDovL3d3dy53My5vcmcvMjAwMC9zdmciPjwvc3ZnPg==\" class=\"lazyload\" style=\"--smush-placeholder-width: 1200px; --smush-placeholder-aspect-ratio: 1200\/500;\" \/>\t\t\t\t\t\t\t\t\t\t\t\t\t\t\t<\/div>\n\t\t\t\t<\/div>\n\t\t<div class=\"elementor-element elementor-element-6549754 e-con-full e-flex e-con e-child\" data-id=\"6549754\" data-element_type=\"container\" data-e-type=\"container\" data-settings=\"{&quot;_ha_eqh_enable&quot;:false}\">\n\t\t<div class=\"elementor-element elementor-element-3cdcbe1 e-con-full e-flex e-con e-child\" data-id=\"3cdcbe1\" data-element_type=\"container\" data-e-type=\"container\" data-settings=\"{&quot;_ha_eqh_enable&quot;:false}\">\n\t\t\t\t<div class=\"elementor-element elementor-element-e3d1e97 elementor-flip-box--direction-left elementor-flip-box--3d elementor-flip-box--effect-flip elementor-widget elementor-widget-flip-box\" data-id=\"e3d1e97\" data-element_type=\"widget\" data-e-type=\"widget\" data-widget_type=\"flip-box.default\">\n\t\t\t\t<div class=\"elementor-widget-container\">\n\t\t\t\t\t\t\t<div class=\"elementor-flip-box\" tabindex=\"0\">\n\t\t\t<div class=\"elementor-flip-box__layer elementor-flip-box__front\">\n\t\t\t\t<div class=\"elementor-flip-box__layer__overlay\">\n\t\t\t\t\t<div class=\"elementor-flip-box__layer__inner\">\n\t\t\t\t\t\t\t\t\t\t\t\t\t<div class=\"elementor-icon-wrapper elementor-view-default\">\n\t\t\t\t\t\t\t\t<div class=\"elementor-icon\">\n\t\t\t\t\t\t\t\t\t<i aria-hidden=\"true\" class=\"huge huge-globe\"><\/i>\t\t\t\t\t\t\t\t<\/div>\n\t\t\t\t\t\t\t<\/div>\n\t\t\t\t\t\t\n\t\t\t\t\t\t\t\t\t\t\t\t\t<h3 class=\"elementor-flip-box__layer__title\">\n\t\t\t\t\t\t\t\tMovilidades de alumnos a pa\u00edses de Europa\t\t\t\t\t\t\t<\/h3>\n\t\t\t\t\t\t\n\t\t\t\t\t\t\t\t\t\t\t<\/div>\n\t\t\t\t<\/div>\n\t\t\t<\/div>\n\t\t\t<div class=\"elementor-flip-box__layer elementor-flip-box__back\">\n\t\t\t<div class=\"elementor-flip-box__layer__overlay\">\n\t\t\t\t<div class=\"elementor-flip-box__layer__inner\">\n\t\t\t\t\t\n\t\t\t\t\t\t\t\t\t\t\t<div class=\"elementor-flip-box__layer__description\">\n\t\t\t\t\t\t\tMovilidades de corta duraci\u00f3n (7 d\u00edas)- media (hasta 3 meses)-Larga duraci\u00f3n (un curso escolar)\n\t\t\t\t\t\t<\/div>\n\t\t\t\t\t\n\t\t\t\t\t\t\t\t<\/div>\n\t\t<\/div>\n\t\t<\/div>\n\t\t<\/div>\n\t\t\t\t\t\t<\/div>\n\t\t\t\t<\/div>\n\t\t\t\t<div class=\"elementor-element elementor-element-3c73c3c elementor-flip-box--direction-left elementor-flip-box--3d elementor-flip-box--effect-flip elementor-widget elementor-widget-flip-box\" data-id=\"3c73c3c\" data-element_type=\"widget\" data-e-type=\"widget\" data-widget_type=\"flip-box.default\">\n\t\t\t\t<div class=\"elementor-widget-container\">\n\t\t\t\t\t\t\t<div class=\"elementor-flip-box\" tabindex=\"0\">\n\t\t\t<div class=\"elementor-flip-box__layer elementor-flip-box__front\">\n\t\t\t\t<div class=\"elementor-flip-box__layer__overlay\">\n\t\t\t\t\t<div class=\"elementor-flip-box__layer__inner\">\n\t\t\t\t\t\t\t\t\t\t\t\t\t<div class=\"elementor-icon-wrapper elementor-view-default\">\n\t\t\t\t\t\t\t\t<div class=\"elementor-icon\">\n\t\t\t\t\t\t\t\t\t<i aria-hidden=\"true\" class=\"huge huge-school-bus\"><\/i>\t\t\t\t\t\t\t\t<\/div>\n\t\t\t\t\t\t\t<\/div>\n\t\t\t\t\t\t\n\t\t\t\t\t\t\t\t\t\t\t\t\t<h3 class=\"elementor-flip-box__layer__title\">\n\t\t\t\t\t\t\t\tJob Shadowing\t\t\t\t\t\t\t<\/h3>\n\t\t\t\t\t\t\n\t\t\t\t\t\t\t\t\t\t\t<\/div>\n\t\t\t\t<\/div>\n\t\t\t<\/div>\n\t\t\t<div class=\"elementor-flip-box__layer elementor-flip-box__back\">\n\t\t\t<div class=\"elementor-flip-box__layer__overlay\">\n\t\t\t\t<div class=\"elementor-flip-box__layer__inner\">\n\t\t\t\t\t\n\t\t\t\t\t\t\t\t\t\t\t<div class=\"elementor-flip-box__layer__description\">\n\t\t\t\t\t\t\tVisitas a otros centros educativos europeos para conocer de primera mano sus proyectos educativos\n\t\t\t\t\t\t<\/div>\n\t\t\t\t\t\n\t\t\t\t\t\t\t\t<\/div>\n\t\t<\/div>\n\t\t<\/div>\n\t\t<\/div>\n\t\t\t\t\t\t<\/div>\n\t\t\t\t<\/div>\n\t\t\t\t<div class=\"elementor-element elementor-element-266e53f elementor-flip-box--direction-left elementor-flip-box--3d elementor-flip-box--effect-flip elementor-widget elementor-widget-flip-box\" data-id=\"266e53f\" data-element_type=\"widget\" data-e-type=\"widget\" data-widget_type=\"flip-box.default\">\n\t\t\t\t<div class=\"elementor-widget-container\">\n\t\t\t\t\t\t\t<div class=\"elementor-flip-box\" tabindex=\"0\">\n\t\t\t<div class=\"elementor-flip-box__layer elementor-flip-box__front\">\n\t\t\t\t<div class=\"elementor-flip-box__layer__overlay\">\n\t\t\t\t\t<div class=\"elementor-flip-box__layer__inner\">\n\t\t\t\t\t\t\t\t\t\t\t\t\t<div class=\"elementor-icon-wrapper elementor-view-default\">\n\t\t\t\t\t\t\t\t<div class=\"elementor-icon\">\n\t\t\t\t\t\t\t\t\t<i aria-hidden=\"true\" class=\"huge huge-briefcase-09\"><\/i>\t\t\t\t\t\t\t\t<\/div>\n\t\t\t\t\t\t\t<\/div>\n\t\t\t\t\t\t\n\t\t\t\t\t\t\t\t\t\t\t\t\t<h3 class=\"elementor-flip-box__layer__title\">\n\t\t\t\t\t\t\t\tVisita de expertos\t\t\t\t\t\t\t<\/h3>\n\t\t\t\t\t\t\n\t\t\t\t\t\t\t\t\t\t\t<\/div>\n\t\t\t\t<\/div>\n\t\t\t<\/div>\n\t\t\t<div class=\"elementor-flip-box__layer elementor-flip-box__back\">\n\t\t\t<div class=\"elementor-flip-box__layer__overlay\">\n\t\t\t\t<div class=\"elementor-flip-box__layer__inner\">\n\t\t\t\t\t\n\t\t\t\t\t\t\t\t\t\t\t<div class=\"elementor-flip-box__layer__description\">\n\t\t\t\t\t\t\t 24 expertos europeos visitaron el colegio Santa Gema como caso de \u00e9xito, para conocer m\u00e1s sobre su gesti\u00f3n durante y tras la pandemia del Covid-19\n\n\t\t\t\t\t\t<\/div>\n\t\t\t\t\t\n\t\t\t\t\t\t\t\t<\/div>\n\t\t<\/div>\n\t\t<\/div>\n\t\t<\/div>\n\t\t\t\t\t\t<\/div>\n\t\t\t\t<\/div>\n\t\t\t\t<div class=\"elementor-element elementor-element-3e1cb64 elementor-flip-box--direction-left elementor-flip-box--3d elementor-flip-box--effect-flip elementor-widget elementor-widget-flip-box\" data-id=\"3e1cb64\" data-element_type=\"widget\" data-e-type=\"widget\" data-widget_type=\"flip-box.default\">\n\t\t\t\t<div class=\"elementor-widget-container\">\n\t\t\t\t\t\t\t<div class=\"elementor-flip-box\" tabindex=\"0\">\n\t\t\t<div class=\"elementor-flip-box__layer elementor-flip-box__front\">\n\t\t\t\t<div class=\"elementor-flip-box__layer__overlay\">\n\t\t\t\t\t<div class=\"elementor-flip-box__layer__inner\">\n\t\t\t\t\t\t\t\t\t\t\t\t\t<div class=\"elementor-icon-wrapper elementor-view-default\">\n\t\t\t\t\t\t\t\t<div class=\"elementor-icon\">\n\t\t\t\t\t\t\t\t\t<i aria-hidden=\"true\" class=\"huge huge-teaching\"><\/i>\t\t\t\t\t\t\t\t<\/div>\n\t\t\t\t\t\t\t<\/div>\n\t\t\t\t\t\t\n\t\t\t\t\t\t\t\t\t\t\t\t\t<h3 class=\"elementor-flip-box__layer__title\">\n\t\t\t\t\t\t\t\tFormaci\u00f3n de profesores\t\t\t\t\t\t\t<\/h3>\n\t\t\t\t\t\t\n\t\t\t\t\t\t\t\t\t\t\t<\/div>\n\t\t\t\t<\/div>\n\t\t\t<\/div>\n\t\t\t<div class=\"elementor-flip-box__layer elementor-flip-box__back\">\n\t\t\t<div class=\"elementor-flip-box__layer__overlay\">\n\t\t\t\t<div class=\"elementor-flip-box__layer__inner\">\n\t\t\t\t\t\n\t\t\t\t\t\t\t\t\t\t\t<div class=\"elementor-flip-box__layer__description\">\n\t\t\t\t\t\t\tEn metodolog\u00edas innovadoras  en otros pa\u00edses de Europa\t\t\t\t\t\t<\/div>\n\t\t\t\t\t\n\t\t\t\t\t\t\t\t<\/div>\n\t\t<\/div>\n\t\t<\/div>\n\t\t<\/div>\n\t\t\t\t\t\t<\/div>\n\t\t\t\t<\/div>\n\t\t\t\t<div class=\"elementor-element elementor-element-e584a1f elementor-flip-box--direction-left elementor-flip-box--3d elementor-flip-box--effect-flip elementor-widget elementor-widget-flip-box\" data-id=\"e584a1f\" data-element_type=\"widget\" data-e-type=\"widget\" data-widget_type=\"flip-box.default\">\n\t\t\t\t<div class=\"elementor-widget-container\">\n\t\t\t\t\t\t\t<div class=\"elementor-flip-box\" tabindex=\"0\">\n\t\t\t<div class=\"elementor-flip-box__layer elementor-flip-box__front\">\n\t\t\t\t<div class=\"elementor-flip-box__layer__overlay\">\n\t\t\t\t\t<div class=\"elementor-flip-box__layer__inner\">\n\t\t\t\t\t\t\t\t\t\t\t\t\t<div class=\"elementor-icon-wrapper elementor-view-default\">\n\t\t\t\t\t\t\t\t<div class=\"elementor-icon\">\n\t\t\t\t\t\t\t\t\t<i aria-hidden=\"true\" class=\"huge huge-global-education\"><\/i>\t\t\t\t\t\t\t\t<\/div>\n\t\t\t\t\t\t\t<\/div>\n\t\t\t\t\t\t\n\t\t\t\t\t\t\t\t\t\t\t\t\t<h3 class=\"elementor-flip-box__layer__title\">\n\t\t\t\t\t\t\t\tErasmus days\t\t\t\t\t\t\t<\/h3>\n\t\t\t\t\t\t\n\t\t\t\t\t\t\t\t\t\t\t<\/div>\n\t\t\t\t<\/div>\n\t\t\t<\/div>\n\t\t\t<div class=\"elementor-flip-box__layer elementor-flip-box__back\">\n\t\t\t<div class=\"elementor-flip-box__layer__overlay\">\n\t\t\t\t<div class=\"elementor-flip-box__layer__inner\">\n\t\t\t\t\t\n\t\t\t\t\t\t\t\t\t\t\t<div class=\"elementor-flip-box__layer__description\">\n\t\t\t\t\t\t\tCelebraci\u00f3n de estos d\u00edas junto con otros centros educativos europeos\n\n\t\t\t\t\t\t<\/div>\n\t\t\t\t\t\n\t\t\t\t\t\t\t\t<\/div>\n\t\t<\/div>\n\t\t<\/div>\n\t\t<\/div>\n\t\t\t\t\t\t<\/div>\n\t\t\t\t<\/div>\n\t\t\t\t<\/div>\n\t\t\t\t<\/div>\n\t\t<div class=\"elementor-element elementor-element-b77d9cd e-con-full e-flex e-con e-child\" data-id=\"b77d9cd\" data-element_type=\"container\" data-e-type=\"container\" data-settings=\"{&quot;_ha_eqh_enable&quot;:false}\">\n\t\t\t\t<div class=\"elementor-element elementor-element-bc62d5d elementor-widget elementor-widget-image\" data-id=\"bc62d5d\" data-element_type=\"widget\" data-e-type=\"widget\" data-widget_type=\"image.default\">\n\t\t\t\t<div class=\"elementor-widget-container\">\n\t\t\t\t\t\t\t\t\t\t\t\t\t\t\t<img fetchpriority=\"high\" decoding=\"async\" width=\"3224\" height=\"920\" src=\"https:\/\/colegio-santagema.es\/wp-content\/uploads\/2025\/01\/Erasmusn.png\" class=\"attachment-full size-full wp-image-1238\" alt=\"Logo Erasmus + negro\" srcset=\"https:\/\/colegio-santagema.es\/wp-content\/uploads\/2025\/01\/Erasmusn.png 3224w, https:\/\/colegio-santagema.es\/wp-content\/uploads\/2025\/01\/Erasmusn-300x86.png 300w, https:\/\/colegio-santagema.es\/wp-content\/uploads\/2025\/01\/Erasmusn-1024x292.png 1024w, https:\/\/colegio-santagema.es\/wp-content\/uploads\/2025\/01\/Erasmusn-768x219.png 768w, https:\/\/colegio-santagema.es\/wp-content\/uploads\/2025\/01\/Erasmusn-1536x438.png 1536w, https:\/\/colegio-santagema.es\/wp-content\/uploads\/2025\/01\/Erasmusn-2048x584.png 2048w\" sizes=\"(max-width: 3224px) 100vw, 3224px\" \/>\t\t\t\t\t\t\t\t\t\t\t\t\t\t\t<\/div>\n\t\t\t\t<\/div>\n\t\t\t\t<div class=\"elementor-element elementor-element-1426183 elementor-widget elementor-widget-text-editor\" data-id=\"1426183\" data-element_type=\"widget\" data-e-type=\"widget\" data-widget_type=\"text-editor.default\">\n\t\t\t\t<div class=\"elementor-widget-container\">\n\t\t\t\t\t\t\t\t\t<p style=\"text-align: left;\">El colegio Santa Gema recientemente <strong>est\u00e1 acreditado como centro Erasmus+ hasta el 2027<\/strong>. El proyecto tiene 4 objetivos:<\/p><ol style=\"text-align: left;\"><li>Conectar nuestras UBPI (<strong>unidades basadas en proyectos interdisciplinares<\/strong>) con los ODS.<\/li><li>Desarrollar el <strong>sentimiento de pertenencia de ciudadan\u00eda europea<\/strong> en nuestros alumnos y profesores.<\/li><li>Favorecer la <strong>inclusi\u00f3n del alumnado<\/strong> en los proyectos Erasmus.<\/li><li>Desarrollar <strong>proyectos sostenibles<\/strong> medioambientales.<\/li><\/ol><p style=\"text-align: left;\">El presente proyecto, pretende desarrollar estos objetivos apoy\u00e1ndose tambi\u00e9n en estrategias de:\u00a0<\/p>\t\t\t\t\t\t\t\t<\/div>\n\t\t\t\t<\/div>\n\t\t\t\t<\/div>\n\t\t\t\t\t<\/div>\n\t\t\t\t<\/div>\n\t\t<div class=\"elementor-element elementor-element-61889c6 e-flex e-con-boxed e-con e-parent\" data-id=\"61889c6\" data-element_type=\"container\" data-e-type=\"container\" data-settings=\"{&quot;background_background&quot;:&quot;classic&quot;,&quot;_ha_eqh_enable&quot;:false}\">\n\t\t\t\t\t<div class=\"e-con-inner\">\n\t\t<div class=\"elementor-element elementor-element-12f2961 e-con-full e-flex e-con e-child\" data-id=\"12f2961\" data-element_type=\"container\" data-e-type=\"container\" data-settings=\"{&quot;_ha_eqh_enable&quot;:false}\">\n\t\t\t\t<div class=\"elementor-element elementor-element-e06e918 elementor-widget elementor-widget-image\" data-id=\"e06e918\" data-element_type=\"widget\" data-e-type=\"widget\" data-widget_type=\"image.default\">\n\t\t\t\t<div class=\"elementor-widget-container\">\n\t\t\t\t\t\t\t\t\t\t\t\t\t\t\t<img decoding=\"async\" width=\"2978\" height=\"426\" data-src=\"https:\/\/colegio-santagema.es\/wp-content\/uploads\/2024\/12\/02b-CUP-Premium-Educational-Partner-Negativo.png\" class=\"attachment-full size-full wp-image-770 lazyload\" alt=\"Logo Cambridge blanco\" data-srcset=\"https:\/\/colegio-santagema.es\/wp-content\/uploads\/2024\/12\/02b-CUP-Premium-Educational-Partner-Negativo.png 2978w, https:\/\/colegio-santagema.es\/wp-content\/uploads\/2024\/12\/02b-CUP-Premium-Educational-Partner-Negativo-300x43.png 300w, https:\/\/colegio-santagema.es\/wp-content\/uploads\/2024\/12\/02b-CUP-Premium-Educational-Partner-Negativo-1024x146.png 1024w, https:\/\/colegio-santagema.es\/wp-content\/uploads\/2024\/12\/02b-CUP-Premium-Educational-Partner-Negativo-768x110.png 768w, https:\/\/colegio-santagema.es\/wp-content\/uploads\/2024\/12\/02b-CUP-Premium-Educational-Partner-Negativo-1536x220.png 1536w, https:\/\/colegio-santagema.es\/wp-content\/uploads\/2024\/12\/02b-CUP-Premium-Educational-Partner-Negativo-2048x293.png 2048w\" data-sizes=\"(max-width: 2978px) 100vw, 2978px\" src=\"data:image\/svg+xml;base64,PHN2ZyB3aWR0aD0iMSIgaGVpZ2h0PSIxIiB4bWxucz0iaHR0cDovL3d3dy53My5vcmcvMjAwMC9zdmciPjwvc3ZnPg==\" style=\"--smush-placeholder-width: 2978px; --smush-placeholder-aspect-ratio: 2978\/426;\" \/>\t\t\t\t\t\t\t\t\t\t\t\t\t\t\t<\/div>\n\t\t\t\t<\/div>\n\t\t\t\t<div class=\"elementor-element elementor-element-afafe8b elementor-widget elementor-widget-text-editor\" data-id=\"afafe8b\" data-element_type=\"widget\" data-e-type=\"widget\" data-widget_type=\"text-editor.default\">\n\t\t\t\t<div class=\"elementor-widget-container\">\n\t\t\t\t\t\t\t\t\t<div class=\"flex max-w-full flex-col flex-grow\"><div class=\"min-h-8 text-message flex w-full flex-col items-end gap-2 whitespace-normal break-words text-start [.text-message+&amp;]:mt-5\" dir=\"auto\" data-message-author-role=\"assistant\" data-message-id=\"714e30ce-bce7-44f3-a5ee-ee708dcc6342\" data-message-model-slug=\"gpt-4o\"><div class=\"flex w-full flex-col gap-1 empty:hidden first:pt-[3px]\"><div class=\"markdown prose w-full break-words dark:prose-invert dark\"><p data-start=\"0\" data-end=\"366\">El <strong data-start=\"3\" data-end=\"25\">Colegio Santa Gema<\/strong> es <strong data-start=\"29\" data-end=\"70\">Cambridge English Educational Partner<\/strong>, una alianza que fortalece nuestro compromiso con la excelencia en la ense\u00f1anza del ingl\u00e9s. Gracias a nuestra colaboraci\u00f3n con <strong data-start=\"198\" data-end=\"241\">Cambridge University Press &amp; Assessment<\/strong>, ofrecemos un aprendizaje estructurado desde Infantil hasta Bachillerato, asegurando una formaci\u00f3n ling\u00fc\u00edstica de calidad.<\/p><p data-start=\"368\" data-end=\"705\">Este programa permite a nuestros alumnos prepararse para certificaciones oficiales de Cambridge, desarrollar competencias clave y acceder a recursos exclusivos. Adem\u00e1s, nuestros docentes reciben formaci\u00f3n especializada y materiales innovadores, mientras que las familias cuentan con apoyo e informaci\u00f3n sobre el proceso de aprendizaje.<\/p><p data-start=\"707\" data-end=\"856\" data-is-last-node=\"\">Ser parte de esta red nos consolida como un centro de referencia en la ense\u00f1anza del ingl\u00e9s, preparando a nuestros estudiantes para un futuro global.<\/p><\/div><\/div><\/div><\/div>\t\t\t\t\t\t\t\t<\/div>\n\t\t\t\t<\/div>\n\t\t\t\t<\/div>\n\t\t\t\t\t<\/div>\n\t\t\t\t<\/div>\n\t\t<div class=\"elementor-element elementor-element-c09cf9c e-flex e-con-boxed e-con e-parent\" data-id=\"c09cf9c\" data-element_type=\"container\" data-e-type=\"container\" data-settings=\"{&quot;_ha_eqh_enable&quot;:false}\">\n\t\t\t\t\t<div class=\"e-con-inner\">\n\t\t<div class=\"elementor-element elementor-element-2690acd e-con-full e-flex e-con e-child\" data-id=\"2690acd\" data-element_type=\"container\" data-e-type=\"container\" data-settings=\"{&quot;_ha_eqh_enable&quot;:false}\">\n\t\t\t\t<div class=\"elementor-element elementor-element-83165cc elementor-widget elementor-widget-image\" data-id=\"83165cc\" data-element_type=\"widget\" data-e-type=\"widget\" data-widget_type=\"image.default\">\n\t\t\t\t<div class=\"elementor-widget-container\">\n\t\t\t\t\t\t\t\t\t\t\t\t\t\t\t<img decoding=\"async\" width=\"2560\" height=\"667\" data-src=\"https:\/\/colegio-santagema.es\/wp-content\/uploads\/2025\/03\/Linguaskill_Logo_web_landing-page-scaled.jpg\" class=\"attachment-full size-full wp-image-3408 lazyload\" alt=\"\" data-srcset=\"https:\/\/colegio-santagema.es\/wp-content\/uploads\/2025\/03\/Linguaskill_Logo_web_landing-page-scaled.jpg 2560w, https:\/\/colegio-santagema.es\/wp-content\/uploads\/2025\/03\/Linguaskill_Logo_web_landing-page-300x78.jpg 300w, https:\/\/colegio-santagema.es\/wp-content\/uploads\/2025\/03\/Linguaskill_Logo_web_landing-page-1024x267.jpg 1024w, https:\/\/colegio-santagema.es\/wp-content\/uploads\/2025\/03\/Linguaskill_Logo_web_landing-page-768x200.jpg 768w, https:\/\/colegio-santagema.es\/wp-content\/uploads\/2025\/03\/Linguaskill_Logo_web_landing-page-1536x400.jpg 1536w, https:\/\/colegio-santagema.es\/wp-content\/uploads\/2025\/03\/Linguaskill_Logo_web_landing-page-2048x534.jpg 2048w, https:\/\/colegio-santagema.es\/wp-content\/uploads\/2025\/03\/Linguaskill_Logo_web_landing-page-18x5.jpg 18w\" data-sizes=\"(max-width: 2560px) 100vw, 2560px\" src=\"data:image\/svg+xml;base64,PHN2ZyB3aWR0aD0iMSIgaGVpZ2h0PSIxIiB4bWxucz0iaHR0cDovL3d3dy53My5vcmcvMjAwMC9zdmciPjwvc3ZnPg==\" style=\"--smush-placeholder-width: 2560px; --smush-placeholder-aspect-ratio: 2560\/667;\" \/>\t\t\t\t\t\t\t\t\t\t\t\t\t\t\t<\/div>\n\t\t\t\t<\/div>\n\t\t\t\t<div class=\"elementor-element elementor-element-6f7be79 elementor-widget elementor-widget-text-editor\" data-id=\"6f7be79\" data-element_type=\"widget\" data-e-type=\"widget\" data-widget_type=\"text-editor.default\">\n\t\t\t\t<div class=\"elementor-widget-container\">\n\t\t\t\t\t\t\t\t\t<p><span style=\"font-weight: 400;\">Nuestra \u00faltima certificaci\u00f3n idiom\u00e1tica, <\/span><b><i>Linguaskill <\/i><\/b><span style=\"font-weight: 400;\">es una prueba de ingl\u00e9s multinivel online y bajo demanda, desarrollada por Cambridge Assessment English, que nos permite certificar el nivel de ingl\u00e9s de los alumnos, desde B1 hasta C2, seg\u00fan el <\/span><b>Marco Com\u00fan Europeo de Referencia (MCER)<\/b><span style=\"font-weight: 400;\">.\u00a0<\/span><\/p><p><span style=\"font-weight: 400;\">Reconocida globalmente por instituciones educativas y empresas, utiliza tecnolog\u00eda digital adaptativa para ofrecer un examen personalizado y preciso. <\/span><span style=\"font-weight: 400;\">Con <\/span><b><i>LinguaSkill <\/i><\/b><span style=\"font-weight: 400;\">certificamos: <\/span><span style=\"font-weight: 400;\">expresi\u00f3n oral, expresi\u00f3n escrita, comprensi\u00f3n de lectura y comprensi\u00f3n auditiva para el \u00f3ptimo reconocimiento de la lengua. Con <\/span><b><i>Linguaskill<\/i><\/b><span style=\"font-weight: 400;\">, el colegio ofrece a sus alumnos una soluci\u00f3n ideal para evaluar su progreso en ingl\u00e9s de forma eficiente y fiable, con resultados \u00f3ptimos y la obtenci\u00f3n de un certificado de Cambridge y un informe de puntuaci\u00f3n detallado muy \u00fatil para el entorno acad\u00e9mico y el futuro laboral..\u00a0\u00a0<\/span><\/p>\t\t\t\t\t\t\t\t<\/div>\n\t\t\t\t<\/div>\n\t\t\t\t<\/div>\n\t\t\t\t\t<\/div>\n\t\t\t\t<\/div>\n\t\t<div class=\"elementor-element elementor-element-11edaf9 e-flex e-con-boxed e-con e-parent\" data-id=\"11edaf9\" data-element_type=\"container\" data-e-type=\"container\" data-settings=\"{&quot;background_background&quot;:&quot;classic&quot;,&quot;_ha_eqh_enable&quot;:false}\">\n\t\t\t\t\t<div class=\"e-con-inner\">\n\t\t<div class=\"elementor-element elementor-element-b000326 e-con-full e-flex e-con e-child\" data-id=\"b000326\" data-element_type=\"container\" data-e-type=\"container\" data-settings=\"{&quot;_ha_eqh_enable&quot;:false}\">\n\t\t<div class=\"elementor-element elementor-element-b473322 e-con-full e-flex e-con e-child\" data-id=\"b473322\" data-element_type=\"container\" data-e-type=\"container\" data-settings=\"{&quot;motion_fx_motion_fx_scrolling&quot;:&quot;yes&quot;,&quot;_ha_eqh_enable&quot;:false,&quot;motion_fx_devices&quot;:[&quot;desktop&quot;,&quot;tablet&quot;,&quot;mobile&quot;]}\">\n\t\t\t\t<div class=\"elementor-element elementor-element-c88c559 elementor-widget elementor-widget-heading\" data-id=\"c88c559\" data-element_type=\"widget\" data-e-type=\"widget\" data-widget_type=\"heading.default\">\n\t\t\t\t<div class=\"elementor-widget-container\">\n\t\t\t\t\t<h2 class=\"elementor-heading-title elementor-size-default\">Biling\u00fcismo<\/h2>\t\t\t\t<\/div>\n\t\t\t\t<\/div>\n\t\t\t\t<div class=\"elementor-element elementor-element-57fcc45 elementor-widget elementor-widget-text-editor\" data-id=\"57fcc45\" data-element_type=\"widget\" data-e-type=\"widget\" data-widget_type=\"text-editor.default\">\n\t\t\t\t<div class=\"elementor-widget-container\">\n\t\t\t\t\t\t\t\t\t<p><span style=\"font-weight: 400;\">En nuestro colegio, creemos que la educaci\u00f3n biling\u00fce es la clave para abrir las puertas a un futuro global. Como centro biling\u00fce autorizado por la Comunidad de Madrid, proporcionamos un entorno de aprendizaje din\u00e1mico e inmersivo en el que los alumnos desarrollan competencias ling\u00fc\u00edsticas y culturales esenciales para el siglo XXI. A trav\u00e9s de la metodolog\u00eda CLIL, proyectos de inmersi\u00f3n internacional, intercambios culturales, profesores biling\u00fces titulados, auxiliares de conversaci\u00f3n nativos y preparaci\u00f3n para las titulaciones de Cambridge, nos aseguramos de que nuestros alumnos no s\u00f3lo dominen el ingl\u00e9s, sino que tambi\u00e9n adquieran habilidades de pensamiento cr\u00edtico y comunicaci\u00f3n. Nuestro compromiso se extiende m\u00e1s all\u00e1 del aula, preparando a los alumnos para prosperar en un mundo interconectado y contribuir de forma significativa a la sociedad.<\/span><\/p>\t\t\t\t\t\t\t\t<\/div>\n\t\t\t\t<\/div>\n\t\t\t\t<\/div>\n\t\t<div class=\"elementor-element elementor-element-9049941 e-con-full e-flex e-con e-child\" data-id=\"9049941\" data-element_type=\"container\" data-e-type=\"container\" data-settings=\"{&quot;motion_fx_motion_fx_scrolling&quot;:&quot;yes&quot;,&quot;_ha_eqh_enable&quot;:false,&quot;motion_fx_devices&quot;:[&quot;desktop&quot;,&quot;tablet&quot;,&quot;mobile&quot;]}\">\n\t\t\t\t<div class=\"elementor-element elementor-element-68477b5 elementor-widget elementor-widget-image\" data-id=\"68477b5\" data-element_type=\"widget\" data-e-type=\"widget\" data-widget_type=\"image.default\">\n\t\t\t\t<div class=\"elementor-widget-container\">\n\t\t\t\t\t\t\t\t\t\t\t\t\t\t\t<img decoding=\"async\" width=\"2560\" height=\"1707\" data-src=\"https:\/\/colegio-santagema.es\/wp-content\/uploads\/2025\/01\/DSC_0160-scaled.jpg\" class=\"attachment-full size-full wp-image-1243 lazyload\" alt=\"Imagen alumnos\" data-srcset=\"https:\/\/colegio-santagema.es\/wp-content\/uploads\/2025\/01\/DSC_0160-scaled.jpg 2560w, https:\/\/colegio-santagema.es\/wp-content\/uploads\/2025\/01\/DSC_0160-300x200.jpg 300w, https:\/\/colegio-santagema.es\/wp-content\/uploads\/2025\/01\/DSC_0160-1024x683.jpg 1024w, https:\/\/colegio-santagema.es\/wp-content\/uploads\/2025\/01\/DSC_0160-768x512.jpg 768w, https:\/\/colegio-santagema.es\/wp-content\/uploads\/2025\/01\/DSC_0160-1536x1024.jpg 1536w\" data-sizes=\"(max-width: 2560px) 100vw, 2560px\" src=\"data:image\/svg+xml;base64,PHN2ZyB3aWR0aD0iMSIgaGVpZ2h0PSIxIiB4bWxucz0iaHR0cDovL3d3dy53My5vcmcvMjAwMC9zdmciPjwvc3ZnPg==\" style=\"--smush-placeholder-width: 2560px; --smush-placeholder-aspect-ratio: 2560\/1707;\" \/>\t\t\t\t\t\t\t\t\t\t\t\t\t\t\t<\/div>\n\t\t\t\t<\/div>\n\t\t\t\t<\/div>\n\t\t\t\t<\/div>\n\t\t<div class=\"elementor-element elementor-element-4b5dff2 e-con-full e-flex e-con e-child\" data-id=\"4b5dff2\" data-element_type=\"container\" data-e-type=\"container\" data-settings=\"{&quot;_ha_eqh_enable&quot;:false}\">\n\t\t<div class=\"elementor-element elementor-element-37b4691 e-con-full e-flex e-con e-child\" data-id=\"37b4691\" data-element_type=\"container\" data-e-type=\"container\" data-settings=\"{&quot;motion_fx_motion_fx_scrolling&quot;:&quot;yes&quot;,&quot;_ha_eqh_enable&quot;:false,&quot;motion_fx_devices&quot;:[&quot;desktop&quot;,&quot;tablet&quot;,&quot;mobile&quot;]}\">\n\t\t\t\t<div class=\"elementor-element elementor-element-82da6d5 elementor-widget elementor-widget-heading\" data-id=\"82da6d5\" data-element_type=\"widget\" data-e-type=\"widget\" data-widget_type=\"heading.default\">\n\t\t\t\t<div class=\"elementor-widget-container\">\n\t\t\t\t\t<h2 class=\"elementor-heading-title elementor-size-default\">Auxiliares de conversaci\u00f3n<\/h2>\t\t\t\t<\/div>\n\t\t\t\t<\/div>\n\t\t\t\t<div class=\"elementor-element elementor-element-95dc2c2 elementor-widget elementor-widget-text-editor\" data-id=\"95dc2c2\" data-element_type=\"widget\" data-e-type=\"widget\" data-widget_type=\"text-editor.default\">\n\t\t\t\t<div class=\"elementor-widget-container\">\n\t\t\t\t\t\t\t\t\t<p>Nuestros auxiliares de conversaci\u00f3n, nativos de habla inglesa, desempe\u00f1an un papel fundamental en el enriquecimiento de nuestra educaci\u00f3n biling\u00fce al dar vida a la lengua y la cultura en el aula. Su presencia mejora las destrezas orales, la pronunciaci\u00f3n y la fluidez de los alumnos mediante actividades interactivas, la pr\u00e1ctica de la conversaci\u00f3n y la comunicaci\u00f3n en el mundo real. Al trabajar con los profesores, apoyan el aprendizaje basado en el CLIL, haciendo que las asignaturas sean m\u00e1s atractivas y accesibles. M\u00e1s all\u00e1 de lo acad\u00e9mico, fomentan la conciencia intercultural, ayudando a los estudiantes a desarrollar una mentalidad global. Como parte esencial de nuestro programa biling\u00fce, su contribuci\u00f3n refuerza nuestro compromiso de ofrecer una experiencia de aprendizaje del ingl\u00e9s inmersiva y de alta calidad.<\/p>\t\t\t\t\t\t\t\t<\/div>\n\t\t\t\t<\/div>\n\t\t\t\t<\/div>\n\t\t<div class=\"elementor-element elementor-element-f2e1545 e-con-full e-flex e-con e-child\" data-id=\"f2e1545\" data-element_type=\"container\" data-e-type=\"container\" data-settings=\"{&quot;motion_fx_motion_fx_scrolling&quot;:&quot;yes&quot;,&quot;_ha_eqh_enable&quot;:false,&quot;motion_fx_devices&quot;:[&quot;desktop&quot;,&quot;tablet&quot;,&quot;mobile&quot;]}\">\n\t\t\t\t<div class=\"elementor-element elementor-element-b840690 elementor-widget elementor-widget-image\" data-id=\"b840690\" data-element_type=\"widget\" data-e-type=\"widget\" data-widget_type=\"image.default\">\n\t\t\t\t<div class=\"elementor-widget-container\">\n\t\t\t\t\t\t\t\t\t\t\t\t\t\t\t<img decoding=\"async\" width=\"2560\" height=\"1709\" data-src=\"https:\/\/colegio-santagema.es\/wp-content\/uploads\/2025\/01\/pexels-julia-m-cameron-4145153-scaled.jpg\" class=\"attachment-full size-full wp-image-1251 lazyload\" alt=\"Imagen de clases online\" data-srcset=\"https:\/\/colegio-santagema.es\/wp-content\/uploads\/2025\/01\/pexels-julia-m-cameron-4145153-scaled.jpg 2560w, https:\/\/colegio-santagema.es\/wp-content\/uploads\/2025\/01\/pexels-julia-m-cameron-4145153-300x200.jpg 300w, https:\/\/colegio-santagema.es\/wp-content\/uploads\/2025\/01\/pexels-julia-m-cameron-4145153-1024x684.jpg 1024w, https:\/\/colegio-santagema.es\/wp-content\/uploads\/2025\/01\/pexels-julia-m-cameron-4145153-768x513.jpg 768w, https:\/\/colegio-santagema.es\/wp-content\/uploads\/2025\/01\/pexels-julia-m-cameron-4145153-1536x1025.jpg 1536w, https:\/\/colegio-santagema.es\/wp-content\/uploads\/2025\/01\/pexels-julia-m-cameron-4145153-2048x1367.jpg 2048w\" data-sizes=\"(max-width: 2560px) 100vw, 2560px\" src=\"data:image\/svg+xml;base64,PHN2ZyB3aWR0aD0iMSIgaGVpZ2h0PSIxIiB4bWxucz0iaHR0cDovL3d3dy53My5vcmcvMjAwMC9zdmciPjwvc3ZnPg==\" style=\"--smush-placeholder-width: 2560px; --smush-placeholder-aspect-ratio: 2560\/1709;\" \/>\t\t\t\t\t\t\t\t\t\t\t\t\t\t\t<\/div>\n\t\t\t\t<\/div>\n\t\t\t\t<\/div>\n\t\t\t\t<\/div>\n\t\t<div class=\"elementor-element elementor-element-192b636 e-con-full e-flex e-con e-child\" data-id=\"192b636\" data-element_type=\"container\" data-e-type=\"container\" data-settings=\"{&quot;_ha_eqh_enable&quot;:false}\">\n\t\t<div class=\"elementor-element elementor-element-b0c4521 e-con-full e-flex e-con e-child\" data-id=\"b0c4521\" data-element_type=\"container\" data-e-type=\"container\" data-settings=\"{&quot;motion_fx_motion_fx_scrolling&quot;:&quot;yes&quot;,&quot;_ha_eqh_enable&quot;:false,&quot;motion_fx_devices&quot;:[&quot;desktop&quot;,&quot;tablet&quot;,&quot;mobile&quot;]}\">\n\t\t\t\t<div class=\"elementor-element elementor-element-e7d09b0 elementor-widget elementor-widget-heading\" data-id=\"e7d09b0\" data-element_type=\"widget\" data-e-type=\"widget\" data-widget_type=\"heading.default\">\n\t\t\t\t<div class=\"elementor-widget-container\">\n\t\t\t\t\t<h2 class=\"elementor-heading-title elementor-size-default\">Programas en el extranjero<\/h2>\t\t\t\t<\/div>\n\t\t\t\t<\/div>\n\t\t\t\t<div class=\"elementor-element elementor-element-f4ba4c0 elementor-widget elementor-widget-text-editor\" data-id=\"f4ba4c0\" data-element_type=\"widget\" data-e-type=\"widget\" data-widget_type=\"text-editor.default\">\n\t\t\t\t<div class=\"elementor-widget-container\">\n\t\t\t\t\t\t\t\t\t<p>Paralelamente el colegio trabaja su internacionalizaci\u00f3n mediante:<\/p><ul><li style=\"font-weight: 500;\" aria-level=\"1\">Viajes de inmersi\u00f3n ling\u00fc\u00edstica a Inglaterra e Irlanda, estableciendo alianzas con otras instituciones. Aproximadamente un 30% de nuestros alumnos participan de este proceso de inmersi\u00f3n<\/li><li style=\"font-weight: 500;\" aria-level=\"1\">Hermanamiento con el colegio ingl\u00e9s RGS Guildford.<\/li><\/ul><p>Congreso de biling\u00fcismo: \u00abBiling\u00fcismo Retos del futuro\u00bb.<\/p>\t\t\t\t\t\t\t\t<\/div>\n\t\t\t\t<\/div>\n\t\t\t\t<\/div>\n\t\t<div class=\"elementor-element elementor-element-c6da524 e-con-full e-flex e-con e-child\" data-id=\"c6da524\" data-element_type=\"container\" data-e-type=\"container\" data-settings=\"{&quot;motion_fx_motion_fx_scrolling&quot;:&quot;yes&quot;,&quot;_ha_eqh_enable&quot;:false,&quot;motion_fx_devices&quot;:[&quot;desktop&quot;,&quot;tablet&quot;,&quot;mobile&quot;]}\">\n\t\t\t\t<div class=\"elementor-element elementor-element-e24815a elementor-widget elementor-widget-image\" data-id=\"e24815a\" data-element_type=\"widget\" data-e-type=\"widget\" data-widget_type=\"image.default\">\n\t\t\t\t<div class=\"elementor-widget-container\">\n\t\t\t\t\t\t\t\t\t\t\t\t\t\t\t<img decoding=\"async\" width=\"1920\" height=\"1280\" data-src=\"https:\/\/colegio-santagema.es\/wp-content\/uploads\/2025\/01\/phone-box-600918_1920.jpg\" class=\"attachment-full size-full wp-image-1236 lazyload\" alt=\"Imagen cabina de tel\u00e9fono en Londres\" data-srcset=\"https:\/\/colegio-santagema.es\/wp-content\/uploads\/2025\/01\/phone-box-600918_1920.jpg 1920w, https:\/\/colegio-santagema.es\/wp-content\/uploads\/2025\/01\/phone-box-600918_1920-300x200.jpg 300w, https:\/\/colegio-santagema.es\/wp-content\/uploads\/2025\/01\/phone-box-600918_1920-1024x683.jpg 1024w, https:\/\/colegio-santagema.es\/wp-content\/uploads\/2025\/01\/phone-box-600918_1920-768x512.jpg 768w, https:\/\/colegio-santagema.es\/wp-content\/uploads\/2025\/01\/phone-box-600918_1920-1536x1024.jpg 1536w\" data-sizes=\"(max-width: 1920px) 100vw, 1920px\" src=\"data:image\/svg+xml;base64,PHN2ZyB3aWR0aD0iMSIgaGVpZ2h0PSIxIiB4bWxucz0iaHR0cDovL3d3dy53My5vcmcvMjAwMC9zdmciPjwvc3ZnPg==\" style=\"--smush-placeholder-width: 1920px; --smush-placeholder-aspect-ratio: 1920\/1280;\" \/>\t\t\t\t\t\t\t\t\t\t\t\t\t\t\t<\/div>\n\t\t\t\t<\/div>\n\t\t\t\t<\/div>\n\t\t\t\t<\/div>\n\t\t\t\t\t<\/div>\n\t\t\t\t<\/div>\n\t\t\t\t<\/div>\n\t\t","protected":false},"excerpt":{"rendered":"<p>INTERNACIONALIZACI\u00d3N La internacionalizaci\u00f3n es crucial porque prepara a los estudiantes para un mundo globalizado, fomenta la diversidad cultural, promueve la comprensi\u00f3n intercultural y desarrolla habilidades necesarias para enfrentar desaf\u00edos internacionales, contribuyendo as\u00ed a la formaci\u00f3n integral de los estudiantes en un entorno cada vez m\u00e1s interconectado. Movilidades de alumnos a pa\u00edses de Europa Movilidades de [&hellip;]<\/p>\n","protected":false},"author":1,"featured_media":2116,"parent":0,"menu_order":11,"comment_status":"closed","ping_status":"closed","template":"","meta":{"_acf_changed":false,"om_disable_all_campaigns":false,"_joinchat":[],"footnotes":""},"class_list":["post-1200","page","type-page","status-publish","has-post-thumbnail","hentry"],"acf":[],"yoast_head":"<!-- This site is optimized with the Yoast SEO plugin v27.5 - https:\/\/yoast.com\/product\/yoast-seo-wordpress\/ -->\n<title>Educaci\u00f3n Global y Multicultural - Colegio Santa Gema Galgani<\/title>\n<meta name=\"description\" content=\"Apostamos por la internacionalizaci\u00f3n para ofrecer una educaci\u00f3n global y multicultural en el Colegio Santa Gema.\" \/>\n<meta name=\"robots\" content=\"index, follow, max-snippet:-1, max-image-preview:large, max-video-preview:-1\" \/>\n<link rel=\"canonical\" href=\"https:\/\/colegio-santagema.es\/en\/internacionalizacion\/\" \/>\n<meta property=\"og:locale\" content=\"en_GB\" \/>\n<meta property=\"og:type\" content=\"article\" \/>\n<meta property=\"og:title\" content=\"Educaci\u00f3n Global y Multicultural - Colegio Santa Gema Galgani\" \/>\n<meta property=\"og:description\" content=\"Apostamos por la internacionalizaci\u00f3n para ofrecer una educaci\u00f3n global y multicultural en el Colegio Santa Gema.\" \/>\n<meta property=\"og:url\" content=\"https:\/\/colegio-santagema.es\/en\/internacionalizacion\/\" \/>\n<meta property=\"og:site_name\" content=\"Colegio Santa Gema Galgani\" \/>\n<meta property=\"article:publisher\" content=\"https:\/\/www.facebook.com\/colegiosantagema\" \/>\n<meta property=\"article:modified_time\" content=\"2025-10-15T14:46:59+00:00\" \/>\n<meta property=\"og:image\" content=\"https:\/\/colegio-santagema.es\/wp-content\/uploads\/2025\/02\/london-1567903_1920-e1738925943699.jpg\" \/>\n\t<meta property=\"og:image:width\" content=\"1440\" \/>\n\t<meta property=\"og:image:height\" content=\"1440\" \/>\n\t<meta property=\"og:image:type\" content=\"image\/jpeg\" \/>\n<meta name=\"twitter:card\" content=\"summary_large_image\" \/>\n<meta name=\"twitter:site\" content=\"@ColeSantaGema\" \/>\n<meta name=\"twitter:label1\" content=\"Estimated reading time\" \/>\n\t<meta name=\"twitter:data1\" content=\"5 minutes\" \/>\n<script type=\"application\/ld+json\" class=\"yoast-schema-graph\">{\"@context\":\"https:\\\/\\\/schema.org\",\"@graph\":[{\"@type\":\"WebPage\",\"@id\":\"https:\\\/\\\/colegio-santagema.es\\\/internacionalizacion\\\/\",\"url\":\"https:\\\/\\\/colegio-santagema.es\\\/internacionalizacion\\\/\",\"name\":\"Educaci\u00f3n Global y Multicultural - Colegio Santa Gema Galgani\",\"isPartOf\":{\"@id\":\"https:\\\/\\\/colegio-santagema.es\\\/#website\"},\"primaryImageOfPage\":{\"@id\":\"https:\\\/\\\/colegio-santagema.es\\\/internacionalizacion\\\/#primaryimage\"},\"image\":{\"@id\":\"https:\\\/\\\/colegio-santagema.es\\\/internacionalizacion\\\/#primaryimage\"},\"thumbnailUrl\":\"https:\\\/\\\/colegio-santagema.es\\\/wp-content\\\/uploads\\\/2025\\\/02\\\/london-1567903_1920-e1738925943699.jpg\",\"datePublished\":\"2025-01-09T08:13:11+00:00\",\"dateModified\":\"2025-10-15T14:46:59+00:00\",\"description\":\"Apostamos por la internacionalizaci\u00f3n para ofrecer una educaci\u00f3n global y multicultural en el Colegio Santa Gema.\",\"breadcrumb\":{\"@id\":\"https:\\\/\\\/colegio-santagema.es\\\/internacionalizacion\\\/#breadcrumb\"},\"inLanguage\":\"en-GB\",\"potentialAction\":[{\"@type\":\"ReadAction\",\"target\":[\"https:\\\/\\\/colegio-santagema.es\\\/internacionalizacion\\\/\"]}]},{\"@type\":\"ImageObject\",\"inLanguage\":\"en-GB\",\"@id\":\"https:\\\/\\\/colegio-santagema.es\\\/internacionalizacion\\\/#primaryimage\",\"url\":\"https:\\\/\\\/colegio-santagema.es\\\/wp-content\\\/uploads\\\/2025\\\/02\\\/london-1567903_1920-e1738925943699.jpg\",\"contentUrl\":\"https:\\\/\\\/colegio-santagema.es\\\/wp-content\\\/uploads\\\/2025\\\/02\\\/london-1567903_1920-e1738925943699.jpg\",\"width\":1440,\"height\":1440},{\"@type\":\"BreadcrumbList\",\"@id\":\"https:\\\/\\\/colegio-santagema.es\\\/internacionalizacion\\\/#breadcrumb\",\"itemListElement\":[{\"@type\":\"ListItem\",\"position\":1,\"name\":\"Portada\",\"item\":\"https:\\\/\\\/colegio-santagema.es\\\/\"},{\"@type\":\"ListItem\",\"position\":2,\"name\":\"Internacionalizaci\u00f3n\"}]},{\"@type\":\"WebSite\",\"@id\":\"https:\\\/\\\/colegio-santagema.es\\\/#website\",\"url\":\"https:\\\/\\\/colegio-santagema.es\\\/\",\"name\":\"Colegio Santa Gema Galgani\",\"description\":\"Un colegio vivo que afronta el continuo cambio de la sociedad actual.\",\"publisher\":{\"@id\":\"https:\\\/\\\/colegio-santagema.es\\\/#organization\"},\"potentialAction\":[{\"@type\":\"SearchAction\",\"target\":{\"@type\":\"EntryPoint\",\"urlTemplate\":\"https:\\\/\\\/colegio-santagema.es\\\/?s={search_term_string}\"},\"query-input\":{\"@type\":\"PropertyValueSpecification\",\"valueRequired\":true,\"valueName\":\"search_term_string\"}}],\"inLanguage\":\"en-GB\"},{\"@type\":\"Organization\",\"@id\":\"https:\\\/\\\/colegio-santagema.es\\\/#organization\",\"name\":\"Colegio Santa Gema Galgani\",\"url\":\"https:\\\/\\\/colegio-santagema.es\\\/\",\"logo\":{\"@type\":\"ImageObject\",\"inLanguage\":\"en-GB\",\"@id\":\"https:\\\/\\\/colegio-santagema.es\\\/#\\\/schema\\\/logo\\\/image\\\/\",\"url\":\"https:\\\/\\\/colegio-santagema.es\\\/wp-content\\\/uploads\\\/2024\\\/12\\\/cropped-Logo-Santa-Gema.png\",\"contentUrl\":\"https:\\\/\\\/colegio-santagema.es\\\/wp-content\\\/uploads\\\/2024\\\/12\\\/cropped-Logo-Santa-Gema.png\",\"width\":512,\"height\":512,\"caption\":\"Colegio Santa Gema Galgani\"},\"image\":{\"@id\":\"https:\\\/\\\/colegio-santagema.es\\\/#\\\/schema\\\/logo\\\/image\\\/\"},\"sameAs\":[\"https:\\\/\\\/www.facebook.com\\\/colegiosantagema\",\"https:\\\/\\\/x.com\\\/ColeSantaGema\",\"https:\\\/\\\/www.instagram.com\\\/colegiosantagema\\\/\",\"https:\\\/\\\/www.linkedin.com\\\/company\\\/colegio-santa-gema-galgani\\\/\"]}]}<\/script>\n<!-- \/ Yoast SEO plugin. -->","yoast_head_json":{"title":"Educaci\u00f3n Global y Multicultural - Colegio Santa Gema Galgani","description":"Apostamos por la internacionalizaci\u00f3n para ofrecer una educaci\u00f3n global y multicultural en el Colegio Santa Gema.","robots":{"index":"index","follow":"follow","max-snippet":"max-snippet:-1","max-image-preview":"max-image-preview:large","max-video-preview":"max-video-preview:-1"},"canonical":"https:\/\/colegio-santagema.es\/en\/internacionalizacion\/","og_locale":"en_GB","og_type":"article","og_title":"Educaci\u00f3n Global y Multicultural - Colegio Santa Gema Galgani","og_description":"Apostamos por la internacionalizaci\u00f3n para ofrecer una educaci\u00f3n global y multicultural en el Colegio Santa Gema.","og_url":"https:\/\/colegio-santagema.es\/en\/internacionalizacion\/","og_site_name":"Colegio Santa Gema Galgani","article_publisher":"https:\/\/www.facebook.com\/colegiosantagema","article_modified_time":"2025-10-15T14:46:59+00:00","og_image":[{"width":1440,"height":1440,"url":"https:\/\/colegio-santagema.es\/wp-content\/uploads\/2025\/02\/london-1567903_1920-e1738925943699.jpg","type":"image\/jpeg"}],"twitter_card":"summary_large_image","twitter_site":"@ColeSantaGema","twitter_misc":{"Estimated reading time":"5 minutes"},"schema":{"@context":"https:\/\/schema.org","@graph":[{"@type":"WebPage","@id":"https:\/\/colegio-santagema.es\/internacionalizacion\/","url":"https:\/\/colegio-santagema.es\/internacionalizacion\/","name":"Educaci\u00f3n Global y Multicultural - Colegio Santa Gema Galgani","isPartOf":{"@id":"https:\/\/colegio-santagema.es\/#website"},"primaryImageOfPage":{"@id":"https:\/\/colegio-santagema.es\/internacionalizacion\/#primaryimage"},"image":{"@id":"https:\/\/colegio-santagema.es\/internacionalizacion\/#primaryimage"},"thumbnailUrl":"https:\/\/colegio-santagema.es\/wp-content\/uploads\/2025\/02\/london-1567903_1920-e1738925943699.jpg","datePublished":"2025-01-09T08:13:11+00:00","dateModified":"2025-10-15T14:46:59+00:00","description":"Apostamos por la internacionalizaci\u00f3n para ofrecer una educaci\u00f3n global y multicultural en el Colegio Santa Gema.","breadcrumb":{"@id":"https:\/\/colegio-santagema.es\/internacionalizacion\/#breadcrumb"},"inLanguage":"en-GB","potentialAction":[{"@type":"ReadAction","target":["https:\/\/colegio-santagema.es\/internacionalizacion\/"]}]},{"@type":"ImageObject","inLanguage":"en-GB","@id":"https:\/\/colegio-santagema.es\/internacionalizacion\/#primaryimage","url":"https:\/\/colegio-santagema.es\/wp-content\/uploads\/2025\/02\/london-1567903_1920-e1738925943699.jpg","contentUrl":"https:\/\/colegio-santagema.es\/wp-content\/uploads\/2025\/02\/london-1567903_1920-e1738925943699.jpg","width":1440,"height":1440},{"@type":"BreadcrumbList","@id":"https:\/\/colegio-santagema.es\/internacionalizacion\/#breadcrumb","itemListElement":[{"@type":"ListItem","position":1,"name":"Portada","item":"https:\/\/colegio-santagema.es\/"},{"@type":"ListItem","position":2,"name":"Internacionalizaci\u00f3n"}]},{"@type":"WebSite","@id":"https:\/\/colegio-santagema.es\/#website","url":"https:\/\/colegio-santagema.es\/","name":"Colegio Santa Gema Galgani","description":"Un colegio vivo que afronta el continuo cambio de la sociedad actual.","publisher":{"@id":"https:\/\/colegio-santagema.es\/#organization"},"potentialAction":[{"@type":"SearchAction","target":{"@type":"EntryPoint","urlTemplate":"https:\/\/colegio-santagema.es\/?s={search_term_string}"},"query-input":{"@type":"PropertyValueSpecification","valueRequired":true,"valueName":"search_term_string"}}],"inLanguage":"en-GB"},{"@type":"Organization","@id":"https:\/\/colegio-santagema.es\/#organization","name":"Colegio Santa Gema Galgani","url":"https:\/\/colegio-santagema.es\/","logo":{"@type":"ImageObject","inLanguage":"en-GB","@id":"https:\/\/colegio-santagema.es\/#\/schema\/logo\/image\/","url":"https:\/\/colegio-santagema.es\/wp-content\/uploads\/2024\/12\/cropped-Logo-Santa-Gema.png","contentUrl":"https:\/\/colegio-santagema.es\/wp-content\/uploads\/2024\/12\/cropped-Logo-Santa-Gema.png","width":512,"height":512,"caption":"Colegio Santa Gema Galgani"},"image":{"@id":"https:\/\/colegio-santagema.es\/#\/schema\/logo\/image\/"},"sameAs":["https:\/\/www.facebook.com\/colegiosantagema","https:\/\/x.com\/ColeSantaGema","https:\/\/www.instagram.com\/colegiosantagema\/","https:\/\/www.linkedin.com\/company\/colegio-santa-gema-galgani\/"]}]}},"_links":{"self":[{"href":"https:\/\/colegio-santagema.es\/en\/wp-json\/wp\/v2\/pages\/1200","targetHints":{"allow":["GET"]}}],"collection":[{"href":"https:\/\/colegio-santagema.es\/en\/wp-json\/wp\/v2\/pages"}],"about":[{"href":"https:\/\/colegio-santagema.es\/en\/wp-json\/wp\/v2\/types\/page"}],"author":[{"embeddable":true,"href":"https:\/\/colegio-santagema.es\/en\/wp-json\/wp\/v2\/users\/1"}],"replies":[{"embeddable":true,"href":"https:\/\/colegio-santagema.es\/en\/wp-json\/wp\/v2\/comments?post=1200"}],"version-history":[{"count":0,"href":"https:\/\/colegio-santagema.es\/en\/wp-json\/wp\/v2\/pages\/1200\/revisions"}],"wp:featuredmedia":[{"embeddable":true,"href":"https:\/\/colegio-santagema.es\/en\/wp-json\/wp\/v2\/media\/2116"}],"wp:attachment":[{"href":"https:\/\/colegio-santagema.es\/en\/wp-json\/wp\/v2\/media?parent=1200"}],"curies":[{"name":"wp","href":"https:\/\/api.w.org\/{rel}","templated":true}]}}